{"id":1236,"date":"2024-11-12T10:28:31","date_gmt":"2024-11-12T16:28:31","guid":{"rendered":"https:\/\/portal.fgeo.gob.mx\/?page_id=1236"},"modified":"2025-11-05T14:19:06","modified_gmt":"2025-11-05T20:19:06","slug":"otras-areas-importantes-servicio-profesional-de-carrera","status":"publish","type":"page","link":"https:\/\/portal.fgeo.gob.mx\/index.php\/otras-areas-importantes-servicio-profesional-de-carrera","title":{"rendered":"Otras \u00c1reas Importantes Servicio Profesional de Carrera"},"content":{"rendered":"\t\t<div data-elementor-type=\"wp-page\" data-elementor-id=\"1236\" class=\"elementor elementor-1236\">\n\t\t\t\t<div class=\"elementor-element elementor-element-5ff9e67 e-flex e-con-boxed e-con e-parent\" data-id=\"5ff9e67\" data-element_type=\"container\" data-e-type=\"container\">\n\t\t\t\t\t<div class=\"e-con-inner\">\n\t\t\t\t<div class=\"elementor-element elementor-element-90a58af elementor-widget elementor-widget-html\" data-id=\"90a58af\" data-element_type=\"widget\" data-e-type=\"widget\" data-widget_type=\"html.default\">\n\t\t\t\t<div class=\"elementor-widget-container\">\n\t\t\t\t\t<div style=\"display: flex; justify-content: center; align-items: center;\">\n  <img decoding=\"async\" src=\"https:\/\/portal.fgeo.gob.mx\/minio\/prueba-pagina\/wp-content\/uploads\/2025\/03\/05102046\/logodspc.jpeg\" style=\"width: 300px; height: 150px;\">\n  <div style=\"margin-left: 50px;\">\n    <p class=\"title\">OTRAS \u00c1REAS IMPORTANTES<\/p>\n    <p class=\"subtitle\">SERVICIO PROFESIONAL DE CARRERA<\/p>\n  <\/div>\n<\/div>\n\n<style>\n  .title {\n    font-weight: bold;\n    font-family: 'Titillium web', sans-serif;\n    color: rgb(58, 89, 158) !important;\n    text-shadow: 2px 5px 5px rgba(0, 0, 0, 0.3);\n    font-size: 45px;\n    text-align: center;\n  }\n\n  .subtitle {\n    font-weight: bold;\n    font-family: 'Titillium web', sans-serif;\n    color: #8B9398 !important;\n    font-size: 25px;\n    text-align: center;\n  }\n<\/style>\t\t\t\t<\/div>\n\t\t\t\t<\/div>\n\t\t\t\t\t<\/div>\n\t\t\t\t<\/div>\n\t\t<div class=\"elementor-element elementor-element-b9b530d e-flex e-con-boxed e-con e-parent\" data-id=\"b9b530d\" data-element_type=\"container\" data-e-type=\"container\">\n\t\t\t\t\t<div class=\"e-con-inner\">\n\t\t\t\t<div class=\"elementor-element elementor-element-7162cd6 elementor-widget elementor-widget-html\" data-id=\"7162cd6\" data-element_type=\"widget\" data-e-type=\"widget\" data-widget_type=\"html.default\">\n\t\t\t\t<div class=\"elementor-widget-container\">\n\t\t\t\t\t<!DOCTYPE html>\r\n<html lang=\"es\">\r\n<head>\r\n  <meta charset=\"UTF-8\">\r\n  <meta name=\"viewport\" content=\"width=device-width, initial-scale=1.0\">\r\n  <title>Contenedor Horizontal<\/title>\r\n  <style>\r\n    .container {\r\n      position: relative;\r\n    }\r\n    .scroll-container {\r\n      display: flex;\r\n      overflow: hidden;\r\n      background-color: #DEE1E1;\r\n      border-radius: 8px;\r\n      position: relative;\r\n    }\r\n    .fields {\r\n      display: flex;\r\n      transition: transform 0.3s ease;\r\n    }\r\n    .field {\r\n      padding: 20px;\r\n      margin-right: 10px;\r\n      text-align: center;\r\n      flex-grow: 1;\r\n      border-radius: 5px;\r\n      white-space: nowrap;\r\n      text-overflow: ellipsis;\r\n      overflow: hidden;\r\n      font-weight: bold;\r\n      cursor: pointer;\r\n      font-size: 12px;\r\n    }\r\n    .field:hover {\r\n      background-color: white;\r\n    }\r\n      .field a {\r\n    color: black !important;\r\n    text-transform: uppercase; \/* Convertir texto a may\u00fasculas *\/\r\n    text-decoration: none; \/* Remover subrayado de los enlaces *\/\r\n  }\r\n  \r\n  \r\n  \r\n  .field:hover a {\r\n    color: black !important; \r\n  }\r\n    .arrow {\r\n      position: absolute;\r\n      top: 50%;\r\n      transform: translateY(-50%);\r\n      background-color: rgba(0, 0, 0, 0.1);\r\n      color: white;\r\n      border: none;\r\n      padding: 10px;\r\n      cursor: pointer;\r\n      z-index: 10;\r\n      transition: all 0.3s;\r\n    }\r\n    .arrow:hover {\r\n      background-color: blue;\r\n    }\r\n       .arrow-left {\r\n      left: -40px;\r\n      background-color: gray;\r\n    }\r\n    .arrow-right {\r\n      right: -40px;\r\n            background-color: gray;\r\n    }\r\n   \r\n    .container-boton {\r\n      position: relative;\r\n      top: -30px;\r\n    }\r\n    @media (max-width: 768px) {\r\n      .arrow-left {\r\n        left: 0;\r\n      }\r\n      .arrow-right {\r\n        right: 0;\r\n      }\r\n    }\r\n  <\/style>\r\n<\/head>\r\n<body>\r\n  <div class=\"container mt-5\">\r\n    <div class=\"scroll-container\">\r\n      <div class=\"fields\" id=\"fieldsContainer\">\r\n        <div class=\"field\"><a href=\"\/index.php\/otras-areas-importantes\">Agencia Estatal de Investigaciones<\/a><\/div>\r\n        <div class=\"field\"><a href=\"\/index.php\/otras-areas-importantes-instituto-de-servicios-periciales\">Instituto de Servicios Periciales<\/a><\/div>\r\n        <div class=\"field\"><a href=\"\/index.php\/otras-areas-importantes-instituto-de-formacion-y-capacitacion-profesional\">Instituto DE Formaci\u00f3n y Capacitaci\u00f3n Profesional<\/a><\/div>\r\n         <div class=\"field\"><a href=\"\/index.php\/otras-areas-importantes-centro-de-justicia-para-las-mujeres\">Centro de Justicia para las Mujeres<\/a><\/div>\r\n         <div class=\"field\"><a href=\"\/index.php\/otras-areas-importantes-servicio-profesional-de-carrera\">Servicio Profesional de Carrera<\/a><\/div>\r\n        <div class=\"field\"><a href=\"\/index.php\/coordinacion-general-de-sistemas-e-informatica\">Coordinaci\u00f3n GENERAL DE SISTEMAS E INFORM\u00c1TICA<\/a><\/div>\r\n      <\/div>\r\n    <\/div>\r\n    <div class=\"container-boton\">\r\n      <button class=\"arrow arrow-left\" id=\"prevBtn\">&#8592;<\/button>\r\n      <button class=\"arrow arrow-right\" id=\"nextBtn\">&#8594;<\/button>\r\n    <\/div>\r\n  <\/div>\r\n\r\n  <script>\r\n    const prevBtn = document.getElementById('prevBtn');\r\n    const nextBtn = document.getElementById('nextBtn');\r\n    const fieldsContainer = document.getElementById('fieldsContainer');\r\n    const fields = document.querySelectorAll('.field');\r\n    const container = document.querySelector('.scroll-container');\r\n    let currentIndex = 0;\r\n    \r\n    function updateArrows() {\r\n      prevBtn.disabled = currentIndex <= 0;\r\n      nextBtn.disabled = currentIndex >= fields.length - 1;\r\n    }\r\n    \r\n    function moveFields(direction) {\r\n      if (direction === 'next' && currentIndex < fields.length - 1) {\r\n        currentIndex++;\r\n      } else if (direction === 'prev' && currentIndex > 0) {\r\n        currentIndex--;\r\n      }\r\n      \r\n      \/\/ Calcula la posici\u00f3n izquierda del elemento destino\r\n      let newTranslate = fields[currentIndex].offsetLeft;\r\n      \r\n      \/\/ Calcula el m\u00e1ximo desplazamiento permitido\r\n      const maxTranslate = fieldsContainer.scrollWidth - container.clientWidth;\r\n      if (newTranslate > maxTranslate) {\r\n        newTranslate = maxTranslate;\r\n      }\r\n      \r\n      fieldsContainer.style.transform = `translateX(-${newTranslate}px)`;\r\n      updateArrows();\r\n    }\r\n    \r\n    prevBtn.addEventListener('click', () => moveFields('prev'));\r\n    nextBtn.addEventListener('click', () => moveFields('next'));\r\n    \r\n    updateArrows();\r\n    \r\n    \/\/ Actualizar el desplazamiento si se redimensiona la ventana\r\n    window.addEventListener('resize', () => {\r\n      moveFields('');\r\n    });\r\n  <\/script>\r\n<\/body>\r\n<\/html>\r\n\t\t\t\t<\/div>\n\t\t\t\t<\/div>\n\t\t\t\t<div class=\"elementor-element elementor-element-a973f7d elementor-widget elementor-widget-spacer\" data-id=\"a973f7d\" data-element_type=\"widget\" data-e-type=\"widget\" data-widget_type=\"spacer.default\">\n\t\t\t\t<div class=\"elementor-widget-container\">\n\t\t\t\t\t\t\t<div class=\"elementor-spacer\">\n\t\t\t<div class=\"elementor-spacer-inner\"><\/div>\n\t\t<\/div>\n\t\t\t\t\t\t<\/div>\n\t\t\t\t<\/div>\n\t\t\t\t\t<\/div>\n\t\t\t\t<\/div>\n\t\t<div class=\"elementor-element elementor-element-0505cbf e-flex e-con-boxed e-con e-parent\" data-id=\"0505cbf\" data-element_type=\"container\" data-e-type=\"container\">\n\t\t\t\t\t<div class=\"e-con-inner\">\n\t\t\t\t<div class=\"elementor-element elementor-element-5a7b31a elementor-widget elementor-widget-html\" data-id=\"5a7b31a\" data-element_type=\"widget\" data-e-type=\"widget\" data-widget_type=\"html.default\">\n\t\t\t\t<div class=\"elementor-widget-container\">\n\t\t\t\t\t<!DOCTYPE html>\r\n<html lang=\"es\">\r\n<head>\r\n    <meta charset=\"UTF-8\">\r\n    <meta name=\"viewport\" content=\"width=device-width, initial-scale=1.0\">\r\n    <title>Servicio Civil de Carrera<\/title>\r\n    <link href=\"https:\/\/cdn.jsdelivr.net\/npm\/bootstrap@5.3.0\/dist\/css\/bootstrap.min.css\" rel=\"stylesheet\">\r\n    <link rel=\"stylesheet\" href=\"https:\/\/cdn.jsdelivr.net\/npm\/bootstrap-icons@1.5.0\/font\/bootstrap-icons.css\">\r\n    <style>\r\n        \/* Estilos generales *\/\r\n        body {\r\n            background-color: #C4C6C7;\r\n            font-family: 'Titillium Web', sans-serif;\r\n        }\r\n\r\n        \/* Estilos para el men\u00fa lateral *\/\r\n        .list-group-item {\r\n            padding: 15px;\r\n            font-size: 1rem;\r\n            background-color: rgb(0, 64, 126);\r\n            transition: all 0.3s;\r\n        }\r\n\r\n        .list-group-item:hover {\r\n            background-color: white;\r\n        }\r\n\r\n        .list-group-item h6 {\r\n            font-weight: 500;\r\n            color: white;\r\n            transition: all 0.3s;\r\n        }\r\n\r\n        h6:hover {\r\n            font-weight: 500;\r\n            color: #09256A;\r\n        }\r\n\r\n        \/* Estilos para las secciones de contenido *\/\r\n        .section {\r\n            background-color: rgb(242, 242, 242);\r\n            padding: 20px;\r\n            border-radius: 8px;\r\n            margin-bottom: 20px;\r\n            margin-top: -50px;\r\n            margin-bottom: 70px;\r\n            padding-top: 15px;\r\n        }\r\n\r\n        .section-title {\r\n            font-weight: bold;\r\n            font-size: 1.5rem;\r\n            color: rgb(58, 89, 158) !important;\r\n            text-shadow: 2px 2px 5px rgba(0, 0, 0, 0.3);\r\n        }\r\n\r\n        .section-content {\r\n            font-size: 1rem;\r\n            color: #333;\r\n            text-align: justify;\r\n        }\r\n\r\n        .icon {\r\n            font-size: 1.5rem;\r\n            margin-right: 10px;\r\n        }\r\n        \r\n        \/*Titulos Aza*\/\r\n        .section-title {\r\n            font-weight: bold;\r\n            font-size: 34px;\r\n            color: rgb(58, 89, 158) !important;\r\n            text-shadow: 2px 2px 5px rgba(0, 0, 0, 0.3);\r\n          \r\n        }\r\n        .section-subtitle {\r\n            font-size: 22px;\r\n            \r\n        }\r\n        .section-retitle{\r\n\t\tfont-size: 22px;\r\n\t\tcolor: rgb(58, 89, 158) !important;\r\n        text-shadow: 2px 2px 5px rgba(0, 0, 0, 0.3);\r\n    \t}\r\n\r\n\r\n        \/* Estilos para tablas *\/\r\n        .table-container {\r\n            background-color: white;\r\n            padding: 20px;\r\n            border-radius: 8px;\r\n            margin-top: 20px;\r\n            margin-bottom: 20px;\r\n            box-shadow: 0 4px 6px rgba(0, 0, 0, 0.1);\r\n        }\r\n\r\n        .table th, .table td {\r\n            text-align: left;\r\n            vertical-align: middle;\r\n        }\r\n\r\n        .table th {\r\n            font-weight: bold;\r\n        }\r\n\r\n        \/* Estilos para botones personalizados *\/\r\n        .btn-custom {\r\n            background-color: #004080;\r\n            color: white;\r\n            border: none;\r\n            border-radius: 5px;\r\n            padding: 10px 20px;\r\n            transition: all 0.3s;\r\n        }\r\n\r\n        .btn-custom:hover {\r\n            background-color: #0066cc;\r\n        }\r\n\r\n        \/* Estilos para el carrusel *\/\r\n        .carousel-item img {\r\n            width: 100%;\r\n            height: auto;\r\n            border-radius: 8px;\r\n        }\r\n\r\n        .carousel-caption {\r\n            background-color: rgba(0, 0, 0, 0.5);\r\n            color: white;\r\n            border-radius: 5px;\r\n        }\r\n\r\n        \/* Estilos para los botones del men\u00fa de pesta\u00f1as *\/\r\n        .nav-link {\r\n            background-color: transparent;\r\n            color: #333333;\r\n            border: 1px solid #d3d3d3;\r\n            border-radius: 5px;\r\n            padding: 10px 20px;\r\n            transition: all 0.3s ease;\r\n        }\r\n\r\n        .nav-link.active {\r\n            background-color: #09256A;\r\n            color: white;\r\n            border: 1px solid #d3d3d3;\r\n        }\r\n\r\n        .nav-link:hover {\r\n            background-color: #e6f0ff;\r\n            color: #09256A;\r\n        }\r\n    <\/style>\r\n<\/head>\r\n<body>\r\n    <div class=\"container\">\r\n        <div class=\"row\">\r\n            <!-- Men\u00fa lateral (izquierda) -->\r\n            <div class=\"col-md-4 col-lg-3\">\r\n                <ul class=\"list-group mb-3\">\r\n                    <li class=\"list-group-item d-flex justify-content-between lh-sm\">\r\n                        <a href=\"javascript:void(0);\" onclick=\"showContent('inicio')\" class=\"text-decoration-none text-dark w-100\">\r\n                            <h6 class=\"my-0\">Inicio<\/h6>\r\n                        <\/a>\r\n                    <\/li>\r\n                    <li class=\"list-group-item d-flex justify-content-between lh-sm\">\r\n                        <a href=\"javascript:void(0);\" onclick=\"showContent('informacion')\" class=\"text-decoration-none text-dark w-100\">\r\n                            <h6 class=\"my-0\">Informaci\u00f3n B\u00e1sica<\/h6>\r\n                        <\/a>\r\n                    <\/li>\r\n                    <li class=\"list-group-item d-flex justify-content-between lh-sm\">\r\n                        <a href=\"javascript:void(0);\" onclick=\"showContent('directorio')\" class=\"text-decoration-none text-dark w-100\">\r\n                            <h6 class=\"my-0\">Directorio<\/h6>\r\n                        <\/a>\r\n                    <\/li>\r\n                    <li class=\"list-group-item d-flex justify-content-between lh-sm\">\r\n                        <a href=\"javascript:void(0);\" onclick=\"showContent('actividades')\" class=\"text-decoration-none text-dark w-100\">\r\n                            <h6 class=\"my-0\">Actividades<\/h6>\r\n                        <\/a>\r\n                    <\/li>\r\n                    <li class=\"list-group-item d-flex justify-content-between lh-sm\">\r\n                        <a href=\"javascript:void(0);\" onclick=\"showContent('servicios')\" class=\"text-decoration-none text-dark w-100\">\r\n                            <h6 class=\"my-0\">Servicios<\/h6>\r\n                        <\/a>\r\n                    <\/li>\r\n                    <li class=\"list-group-item d-flex justify-content-between lh-sm\">\r\n                        <a href=\"javascript:void(0);\" onclick=\"showContent('privacidad')\" class=\"text-decoration-none text-dark w-100\">\r\n                            <h6 class=\"my-0\">Aviso de Privacidad<\/h6>\r\n                        <\/a>\r\n                    <\/li>\r\n                    <li class=\"list-group-item d-flex justify-content-between lh-sm\">\r\n                        <a href=\"javascript:void(0);\" onclick=\"showContent('quejas')\" class=\"text-decoration-none text-dark w-100\">\r\n                            <h6 class=\"my-0\">Quejas y Denuncias<\/h6>\r\n                        <\/a>\r\n                    <\/li>\r\n                <\/ul>\r\n            <\/div>\r\n\r\n            <!-- Contenido principal (derecha) -->\r\n            <div class=\"col-md-8 col-lg-9\">\r\n                <div id=\"inicio\" class=\"content-section\">\r\n                         <h2 class=\"section-title\"> Inicio<\/h2>\r\n                        <br>\r\n                    <div class=\"container mt-5\">\r\n                   \r\n                        <div class=\"section\">\r\n                            <h2 class=\"section-retitle\"><i class=\"bi bi-trophy icon\"><\/i> Objetivo<\/h2>\r\n                            <p class=\"section-content\">\r\n                                Garantizar la igualdad de oportunidades con base en el m\u00e9rito y con el fin de impulsar el desarrollo de sus miembros, para el alto desempe\u00f1o del servicio que prestan, recuperando la credibilidad ante la sociedad.\r\n                            <\/p>\r\n                        <\/div>\r\n                        <div class=\"section\">\r\n                            <h2 class=\"section-retitle\"><i class=\"bi bi-bullseye icon\"><\/i> Misi\u00f3n<\/h2>\r\n                            <p class=\"section-content\">\r\n                                Generar certeza en los miembros del Servicio Civil de Carrera respecto de la estabilidad en el empleo, la profesionalizaci\u00f3n permanente, el otorgamiento de promociones, de est\u00edmulos y de reconocimientos constantes; as\u00ed como los dem\u00e1s beneficios inherentes de dicho servicio, relativas a las carreras ministerial, policial ministerial y pericial para el adecuado ejercicio de funciones de dichos miembros, sujetos a un r\u00e9gimen disciplinario apegado al respeto irrestricto de derechos humanos.\r\n                            <\/p>\r\n                        <\/div>\r\n                        <div class=\"section\">\r\n                            <h2 class=\"section-retitle\"><i class=\"bi bi-eye icon\"><\/i> Visi\u00f3n<\/h2>\r\n                            <p class=\"section-content\">\r\n                                Ser una instituci\u00f3n referente en la instrumentaci\u00f3n del servicio civil de carrera, al contar con personal operativo permanentemente capacitado, con altos \u00edndices de eficacia y eficiencia en el desarrollo de sus funciones en la investigaci\u00f3n y persecuci\u00f3n de los delitos, as\u00ed como, con un alto \u00edndice de confiabilidad institucional, generando con ello a su vez, la confianza de la sociedad oaxaque\u00f1a en el Ministerio P\u00fablico del Estado de Oaxaca y su actuaci\u00f3n.\r\n                            <\/p>\r\n                        <\/div>\r\n                        <div class=\"section\">\r\n                            <h2 class=\"section-retitle\"><i class=\"bi bi-telephone icon\"><\/i> Contacto<\/h2>\r\n                            <p class=\"section-content\">\r\n                                <i class=\"bi bi-telephone-fill\"><\/i> <strong>Tel\u00e9fono:<\/strong> (951) 501 69 00 ext. 20765. <br>\r\n                                <i class=\"bi bi-envelope-fill\"><\/i> <strong>Email:<\/strong> direccion.scc@fge.oaxaca.gob.mx\r\n                            <\/p>\r\n                        <\/div>\r\n                    <\/div>\r\n                <\/div>\r\n\r\n                <div id=\"informacion\" class=\"content-section\" style=\"display: none;\">\r\n                         <h2 class=\"section-title\"> Informaci\u00f3n B\u00e1sica<\/h2>\r\n                        <br>\r\n                    <div class=\"container mt-5\">\r\n                        <div class=\"section\">\r\n                            <h2 class=\"section-retitle\"><i class=\"bi bi-bookmark-fill\"><\/i> Marco Jur\u00eddico<\/h2>\r\n                            <br>\r\n                            <p class=\"section-content\" style=\"text-align: justify;\">\r\n                                <i class=\"bi bi-caret-right-fill\"><\/i> <strong><a href=\"https:\/\/fge.oaxaca.gob.mx\/wp-content\/plugins\/legislacion\/uploads\/reglamentos\/RCCCFGEO.pdf\" target=\"_blank\">Reglamento del Servicio Civil de Carrera de la Fiscal\u00eda General del Estado de Oaxaca<\/a><\/strong>\r\n                            <\/p>\r\n                            <p class=\"section-content\" style=\"text-align: justify;\">\r\n                                <i class=\"bi bi-caret-right-fill\"><\/i> <strong><a href=\"https:\/\/fge.oaxaca.gob.mx\/wp-content\/plugins\/legislacion\/uploads\/acuerdos\/unidades-scc.pdf\" target=\"_blank\">Acuerdo por el que se determina la creaci\u00f3n de las Unidades de Desaparici\u00f3n Forzada y Tortura, por el que se determina que la Direcci\u00f3n del Servicio Civil de Carrera sea supervisada por el Fiscal General.<\/a><\/strong>\r\n                            <\/p>\r\n                            <h2 class=\"section-retitle\"><i class=\"bi bi-geo-alt icon\"><\/i> Localizaci\u00f3n<\/h2>\r\n                            <p class=\"section-content\">\r\n                                Centro Administrativo del Poder Ejecutivo y Judicial \"General Porfirio D\u00edaz Soldado de la Patria\", Edificio \"Chu\" Rasgado, Segundo Nivel, Reyes Mantec\u00f3n, San Bartolo Coyotepec. C.P. 71250.\r\n                            <\/p>\r\n                            <iframe src=\"https:\/\/www.google.com\/maps\/embed?pb=!1m18!1m12!1m3!1d3817.3193016192613!2d-96.72517832616215!3d16.90953468389843!2m3!1f0!2f0!3f0!3m2!1i1024!2i768!4f13.1!3m3!1m2!1s0x85c73dc4f3b1672b%3A0x974fc509203b4a7!2sCiudad%20Judicial%20Oaxaca!5e0!3m2!1ses-419!2smx!4v1731429435087!5m2!1ses-419!2smx\" width=\"600\" height=\"250\" style=\"border:0;\" allowfullscreen=\"\" loading=\"lazy\" referrerpolicy=\"no-referrer-when-downgrade\"><\/iframe>\r\n                        <\/div>\r\n                    <\/div>\r\n                <\/div>\r\n\r\n                <div id=\"directorio\" class=\"content-section\" style=\"display: none;\">\r\n                         <h2 class=\"section-title\"> Directorio<\/h2>\r\n                    \r\n                    <div class=\"table-container\">\r\n                        <table class=\"table table-bordered\">\r\n                            <thead>\r\n                                <tr>\r\n                                    <th>NOMBRE COMPLETO<\/th>\r\n                                    <th>CARGO<\/th>\r\n                                    <th>N\u00daMERO TELEF\u00d3NICO<\/th>\r\n                                <\/tr>\r\n                            <\/thead>\r\n                            <tbody>\r\n                                <tr>\r\n                                    <td>Lcda. Amalia Rueda Alonso<\/td>\r\n                                    <td>Directora del Servicio Civil de Carrera<\/td>\r\n                                    <td>Ext. 20774<\/td>\r\n                                <\/tr>\r\n                                <tr>\r\n                                    <td>Lcda. Sandra Natalio Galv\u00e1n<\/td>\r\n                                    <td>Asesora<\/td>\r\n                                    <td>Ext. 20774<\/td>\r\n                                <\/tr>\r\n                                <tr>\r\n                                    <td>Lcda. Martha Antonia Hern\u00e1ndez Jim\u00e9nez<\/td>\r\n                                    <td>Jefa de Departamento de Conflictos Coyunturales<\/td>\r\n                                    <td>Sin Extensi\u00f3n<\/td>\r\n                                <\/tr>\r\n                                <tr>\r\n                                    <td>Lcda. Lorena Andr\u00e9s Cruz<\/td>\r\n                                    <td>Jefe de Departamento de Carrera Ministerial e Informaci\u00f3n Regional de la Costa<\/td>\r\n                                    <td>Ext. 20773<\/td>\r\n                                <\/tr>\r\n                                <tr>\r\n                                    <td>Lic. Sergio G\u00f3mez Blas<\/td>\r\n                                    <td>Jefe de Departamento de Seguimiento al Servicio Civil de Carrera<\/td>\r\n                                    <td>Ext. 21349<\/td>\r\n                                <\/tr>\r\n                                <tr>\r\n                                    <td>Lic. Adri\u00e1n S\u00e1nchez V\u00e1zquez<\/td>\r\n                                    <td>Agente del Ministerio P\u00fablico<\/td>\r\n                                    <td>Sin Extensi\u00f3n<\/td>\r\n                                <\/tr>\r\n                                <tr>\r\n                                    <td>Ing. Sebasti\u00e1n \u00c1ngeles Colmenares<\/td>\r\n                                    <td>Jefe de Oficina<\/td>\r\n                                    <td>Ext. 20773<\/td>\r\n                                <\/tr>\r\n                                <tr>\r\n                                    <td>Lic. Ulises Oswaldo Cambray Ruiz<\/td>\r\n                                    <td>Secretario Ministerial<\/td>\r\n                                    <td>Ext. 20765<\/td>\r\n                                <\/tr>\r\n                                <tr>\r\n                                    <td>Lcda. Amada Manuela Flori\u00e1n P\u00e9rez<\/td>\r\n                                    <td>Agente Estatal de Investigaciones (Secretario Ministerial)<\/td>\r\n                                    <td>Ext. 20763<\/td>\r\n                                <\/tr>\r\n                                <tr>\r\n                                    <td>C. Marta L\u00f3pez Guijosa<\/td>\r\n                                    <td>Agente Estatal de Investigaciones<\/td>\r\n                                    <td>Ext. 20761<\/td>\r\n                                <\/tr>\r\n                                <tr>\r\n                                    <td>C. Idalia Claver Ortiz Saavedra<\/td>\r\n                                    <td>Agente Estatal de Investigaciones (Administrativo)<\/td>\r\n                                    <td>Ext. 20761<\/td>\r\n                                <\/tr>\r\n                                <tr>\r\n                                    <td>Lcda. Beatriz Elena Arag\u00f3n Santos<\/td>\r\n                                    <td>Agente Estatal de Investigaciones (Administrativo)<\/td>\r\n                                    <td>Sin Extensi\u00f3n<\/td>\r\n                                <\/tr>\r\n                            <\/tbody>\r\n                        <\/table>\r\n                    <\/div>\r\n                <\/div>\r\n\r\n                <div id=\"actividades\" class=\"content-section\" style=\"display: none;\">\r\n                         <h2 class=\"section-title\"> Actividades<\/h2>\r\n                        <br>\r\n                     <div class=\"container mt-5\">\r\n                    <section class=\"section\">\r\n                       \r\n                           \r\n                            <div class=\"service\">\r\n                                <p class=\"section-retitle\">Certificado \u00danico Policial<\/p>\r\n                                <p class=\"section-content\">\r\n                                    Tramitar el <strong>Certificado \u00danico Policial<\/strong> es el documento que acredita a los polic\u00edas aptos para ingresar o permanecer en las Instituciones de Seguridad P\u00fablica y que cuentan con los conocimientos, el perfil, las habilidades y las aptitudes necesarias para el desempe\u00f1o de su cargo.\r\n                                <\/p>\r\n                            <\/div>\r\n                            <div class=\"service\">\r\n                                <p class=\"section-retitle\">Evaluaciones de Desempe\u00f1o<\/p>\r\n                                <p class=\"section-content\">\r\n                                    Practicar <strong>Evaluaciones de Desempe\u00f1o<\/strong> es el proceso que valora la productividad, los resultados, los est\u00edmulos, los reconocimientos y la trayectoria del personal sustantivo; esto es, la forma como estos elementos realizan su trabajo, as\u00ed como el grado de eficacia, eficiencia, calidad y transparencia con que lo realizan, sus habilidades, actitudes y valores en el servicio y su trayectoria con la perspectiva de su vinculaci\u00f3n al Servicio Profesional de Carrera.\r\n                                <\/p>\r\n                            <\/div>\r\n                            <div class=\"service\">\r\n                                <p class=\"section-retitle\">Evaluaciones de Control de Confianza<\/p>\r\n                                <p section-content>\r\n                                    Son ex\u00e1menes necesarios para el ingreso, permanencia y desarrollo del personal de las instituciones de Seguridad P\u00fablica; est\u00e1n establecidas por el Centro de Control de Confianza con el objetivo de comprobar el cumplimiento de los perfiles de personalidad.\r\n                                <\/p>\r\n                                <p class=\"section-content\">\r\n                                    La evaluaci\u00f3n de control de confianza ser\u00e1 practicada con la periodicidad que se\u00f1alen la Ley General, la Ley Estatal, la Ley Org\u00e1nica y las dem\u00e1s disposiciones aplicables a los Miembros del Servicio.\r\n                                <\/p>\r\n                            <\/div>\r\n                            <div class=\"service\">\r\n                                <p class=\"section-retitle\">Consejo Local de Profesionalizaci\u00f3n<\/p>\r\n                                <p class=\"section-content\">\r\n                                    Es la instancia colegiada, encargada de normar, conocer y resolver toda controversia relacionada con el Servicio y su R\u00e9gimen Disciplinario, siendo la Direcci\u00f3n del Servicio Civil de Carrera parte como Secretar\u00eda T\u00e9cnica.\r\n                                <\/p>\r\n                            <\/div>\r\n                        <\/div>\r\n                    <\/section>\r\n                <\/div>\r\n\r\n                <div id=\"servicios\" class=\"content-section\" style=\"display: none;\">\r\n                         <h2 class=\"section-title\"> Servicios<\/h2>\r\n                        <br>\r\n                    <table class=\"table table-bordered\">\r\n                        <thead>\r\n                            <tr class=\"table-dark-header\">\r\n                                <th scope=\"col\" class=\"text-center\"><strong>T\u00edtulo<\/strong><\/th>\r\n                                <th scope=\"col\" class=\"text-center\"><strong>Descargar documento<\/strong><\/th>\r\n                            <\/tr>\r\n                        <\/thead>\r\n                        <tbody>\r\n                            <tr>\r\n                                <td class=\"text-center\">Indicaciones y requisitos de licencias.<\/td>\r\n                                <td class=\"icon-center\"><a href=\"https:\/\/portal.fgeo.gob.mx\/minio\/pagina\/wp-content\/uploads\/2025\/11\/Indicaciones-y-requisitos-licencias.docx\" target=\"_blank\"><i class=\"bi bi-file-pdf-fill icon-size\"><\/i><\/a><\/td>\r\n                            <\/tr>\r\n                            <tr>\r\n                                <td class=\"text-center\">Formato licencia ordinaria.<\/td>\r\n                                <td class=\"icon-center\"><a href=\"https:\/\/portal.fgeo.gob.mx\/minio\/pagina\/wp-content\/uploads\/2025\/11\/Formato-solicitud-licencia-ordinaria.docx\" target=\"_blank\"><i class=\"bi bi-file-pdf-fill icon-size\"><\/i><\/a><\/td>\r\n                            <\/tr>\r\n                            <tr>\r\n                                <td class=\"text-center\">Formato licencia interna.<\/td>\r\n                                <td class=\"icon-center\"><a href=\"https:\/\/portal.fgeo.gob.mx\/minio\/pagina\/wp-content\/uploads\/2025\/11\/Formato-solicitud-licencia-interna.docx\" target=\"_blank\"><i class=\"bi bi-file-pdf-fill icon-size\"><\/i><\/a><\/td>\r\n                            <\/tr>\r\n                            <tr>\r\n                                <td class=\"text-center\">Formato licencia extraordinaria.<\/td>\r\n                                <td class=\"icon-center\"><a href=\"https:\/\/portal.fgeo.gob.mx\/minio\/pagina\/wp-content\/uploads\/2025\/11\/Formato-solicitud-licencia-extraordinaria.docx\" target=\"_blank\"><i class=\"bi bi-file-pdf-fill icon-size\"><\/i><\/a><\/td>\r\n                            <\/tr>\r\n                            <tr>\r\n                                <td class=\"text-center\">Formato licencia especial.<\/td>\r\n                                <td class=\"icon-center\"><a href=\"https:\/\/portal.fgeo.gob.mx\/minio\/pagina\/wp-content\/uploads\/2025\/11\/Formato-solicitud-licencia-especial.docx\" target=\"_blank\"><i class=\"bi bi-file-pdf-fill icon-size\"><\/i><\/a><\/td>\r\n                            <\/tr>\r\n                            <tr>\r\n                                <td class=\"text-center\">Formato pr\u00f3rroga de licencia ordinaria.<\/td>\r\n                                <td class=\"icon-center\"><a href=\"https:\/\/portal.fgeo.gob.mx\/minio\/pagina\/wp-content\/uploads\/2025\/11\/Formato-solicitud-prorroga-de-licencia-ordinaria.docx\" target=\"_blank\"><i class=\"bi bi-file-pdf-fill icon-size\"><\/i><\/a><\/td>\r\n                            <\/tr>\r\n                            <tr>\r\n                                <td class=\"text-center\">Formato reincorporaci\u00f3n.<\/td>\r\n                                <td class=\"icon-center\"><a href=\"https:\/\/portal.fgeo.gob.mx\/minio\/pagina\/wp-content\/uploads\/2025\/11\/Formato-reincorporacion.docx\" target=\"_blank\"><i class=\"bi bi-file-pdf-fill icon-size\"><\/i><\/a><\/td>\r\n                            <\/tr>\r\n                        <\/tbody>\r\n                    <\/table>\r\n                <\/div>\r\n\r\n                <div id=\"privacidad\" class=\"content-section\" style=\"display: none;\">\r\n                         <h2 class=\"section-title\"> Aviso de Privacidad<\/h2>\r\n                        <br>\r\n                    <table class=\"table table-bordered\">\r\n                        <thead>\r\n                            <tr class=\"table-dark-header\">\r\n                                <th scope=\"col\" class=\"text-center\"><strong>AVISO DE PRIVACIDAD<\/strong><\/th>\r\n                                <th scope=\"col\" class=\"text-center\"><strong>AVISO DE PRIVACIDAD PDF<\/strong><\/th>\r\n                            <\/tr>\r\n                        <\/thead>\r\n                        <tbody>\r\n                            <tr>\r\n                                <td class=\"text-center\">DIRECCI\u00d3N DEL SERVICIO PROFESIONAL DE CARRERA<\/td>\r\n                                <td class=\"icon-center\"><a href=\"ruta-del-documento1.pdf\" target=\"_blank\"><i class=\"bi bi-file-pdf-fill icon-size\"><\/i><\/a><\/td>\r\n                            <\/tr>\r\n                        <\/tbody>\r\n                    <\/table>\r\n                <\/div>\r\n\r\n                <div id=\"quejas\" class=\"content-section\" style=\"display: none;\">\r\n                         <h2 class=\"section-title\"> Quejas y Denuncias<\/h2>\r\n                        <br>\r\n                     <div class=\"container mt-5\">\r\n                    <div class=\"section\">\r\n                        <div class=\"row\">\r\n                            <div class=\"col-12\">\r\n                                <h2 class=\"section-retitle\">Contacto para realizar quejas y denuncias:<\/h2>\r\n                            <\/div>\r\n                        <\/div>\r\n                        <div class=\"row mt-3\">\r\n                            <div class=\"col-md-6\">\r\n                                <div class=\"d-flex align-items-center mb-3\">\r\n                                    <i class=\"bi bi-envelope-fill me-2\"><\/i>\r\n                                    <span><strong>Email:<\/strong> direccion.scc@fge.oaxaca.gob.mx<\/span>\r\n                                <\/div>\r\n                            <\/div>\r\n                            <div class=\"col-md-6\">\r\n                                <div class=\"d-flex align-items-center mb-3\">\r\n                                    <i class=\"bi bi-telephone-fill me-2\"><\/i>\r\n                                    <span><strong>N\u00famero:<\/strong> (951) 501 69 00 ext. 20765.<\/span>\r\n                                <\/div>\r\n                            <\/div>\r\n                        <\/div>\r\n                       <\/div>\r\n                    <\/div>\r\n                <\/div>\r\n            <\/div>\r\n        <\/div>\r\n    <\/div>\r\n\r\n    <script>\r\n        function showContent(sectionId) {\r\n            \/\/ Oculta todas las secciones de contenido\r\n            const contentSections = document.querySelectorAll('.content-section');\r\n            contentSections.forEach(section => {\r\n                section.style.display = 'none';\r\n            });\r\n\r\n            \/\/ Muestra solo la secci\u00f3n seleccionada\r\n            document.getElementById(sectionId).style.display = 'block';\r\n        }\r\n    <\/script>\r\n<\/body>\r\n<\/html>\t\t\t\t<\/div>\n\t\t\t\t<\/div>\n\t\t\t\t\t<\/div>\n\t\t\t\t<\/div>\n\t\t\t\t<\/div>\n\t\t","protected":false},"excerpt":{"rendered":"<p>OTRAS \u00c1REAS IMPORTANTES SERVICIO PROFESIONAL DE CARRERA Contenedor Horizontal Agencia Estatal de Investigaciones Instituto de Servicios Periciales Instituto DE Formaci\u00f3n y Capacitaci\u00f3n Profesional Centro de Justicia para las Mujeres Servicio Profesional de Carrera Coordinaci\u00f3n GENERAL DE SISTEMAS E INFORM\u00c1TICA &#8592; [&hellip;]<\/p>\n","protected":false},"author":1,"featured_media":0,"parent":0,"menu_order":0,"comment_status":"closed","ping_status":"closed","template":"","meta":{"_acf_changed":false,"footnotes":""},"class_list":["post-1236","page","type-page","status-publish","hentry"],"acf":[],"mb":[],"mfb_rest_fields":["title","gutenberg_elementor_mode"],"_links":{"self":[{"href":"https:\/\/portal.fgeo.gob.mx\/index.php\/wp-json\/wp\/v2\/pages\/1236","targetHints":{"allow":["GET"]}}],"collection":[{"href":"https:\/\/portal.fgeo.gob.mx\/index.php\/wp-json\/wp\/v2\/pages"}],"about":[{"href":"https:\/\/portal.fgeo.gob.mx\/index.php\/wp-json\/wp\/v2\/types\/page"}],"author":[{"embeddable":true,"href":"https:\/\/portal.fgeo.gob.mx\/index.php\/wp-json\/wp\/v2\/users\/1"}],"replies":[{"embeddable":true,"href":"https:\/\/portal.fgeo.gob.mx\/index.php\/wp-json\/wp\/v2\/comments?post=1236"}],"version-history":[{"count":0,"href":"https:\/\/portal.fgeo.gob.mx\/index.php\/wp-json\/wp\/v2\/pages\/1236\/revisions"}],"wp:attachment":[{"href":"https:\/\/portal.fgeo.gob.mx\/index.php\/wp-json\/wp\/v2\/media?parent=1236"}],"curies":[{"name":"wp","href":"https:\/\/api.w.org\/{rel}","templated":true}]}}