{"id":17371,"date":"2017-11-17T17:01:28","date_gmt":"2017-11-17T22:01:28","guid":{"rendered":"http:\/\/fge.oaxaca.gob.mx\/?post_type=desaparecidas&#038;p=833"},"modified":"2025-10-16T15:58:40","modified_gmt":"2025-10-16T21:58:40","slug":"thelma-figueroa-capitan","status":"publish","type":"desaparecidas","link":"https:\/\/portal.fgeo.gob.mx\/index.php\/archivos\/personas-desaparecidas\/thelma-figueroa-capitan","title":{"rendered":"THELMA FIGUEROA CAPIT\u00c1N"},"content":{"rendered":"<p><strong>NOMBRE<\/strong><strong>: <\/strong><strong>THELMA FIGUEROA CAPIT\u00c1N<\/strong><\/p>\n<p><strong>EDAD: 36 A\u00d1OS. <\/strong><\/p>\n<p><strong>\u00a0<\/strong><\/p>\n<p><strong>FUE VISTA POR \u00daLTIMA VEZ: EL D\u00cdA 04 DE NOVIEMBRE DE 2017, EN EL CENTRO DE SAN JUAN BAUTISTA TUXTEPEC, OAXACA.<\/strong><\/p>\n<p><strong>\u00a0<\/strong><\/p>\n<p><strong>SE\u00d1AS PARTICULARES: CICATRIZ EN LA FRENTE.<\/strong><\/p>\n<p><strong>\u00a0<\/strong><\/p>\n<p><strong>ROPA QUE VEST\u00cdA: JEANS COLOR AZUL, BLUSA COLOR BLANCO, HUARACHES.<\/strong><\/p>\n<p><strong>\u00a0<\/strong><\/p>\n<p><strong>MEDIA FILIACI\u00d3N: ESTATURA APROXIMADA 1.60 MTS, COMPLEXI\u00d3N REGULAR, TEZ MORENA CLARA, CARA OVALADA, FRENTE MEDIANA, CEJAS REGULARES, OJOS MEDIANOS DE COLOR CAF\u00c9 CLARO, NARIZ MEDIANA DE BASE ANCHA, BOCA MEDIANA, LABIOS DELGADOS, MENT\u00d3N OVALADO, CABELLO LACIO, LARGO, COLOR CASTA\u00d1O.<\/strong><\/p>\n<p><img fetchpriority=\"high\" decoding=\"async\" class=\"alignnone size-medium wp-image-18445\" src=\"https:\/\/portal.fgeo.gob.mx\/minio\/pagina\/wp-content\/uploads\/2017\/11\/foto-colab-thelma-254x300.png\" alt=\"\" width=\"254\" height=\"300\" srcset=\"https:\/\/portal.fgeo.gob.mx\/minio\/pagina\/wp-content\/uploads\/2017\/11\/foto-colab-thelma-254x300.png 254w, https:\/\/portal.fgeo.gob.mx\/minio\/pagina\/wp-content\/uploads\/2017\/11\/foto-colab-thelma.png 369w\" sizes=\"(max-width: 254px) 100vw, 254px\" \/><\/p>\n","protected":false},"featured_media":18445,"template":"","categories":[],"tags":[],"ficha_genero":[],"ficha_fiscalia":[],"ficha_estatus":[],"class_list":["post-17371","desaparecidas","type-desaparecidas","status-publish","has-post-thumbnail","hentry","tipo-dnol-dnol"],"acf":[],"mb":[],"mfb_rest_fields":["title","gutenberg_elementor_mode"],"_links":{"self":[{"href":"https:\/\/portal.fgeo.gob.mx\/index.php\/wp-json\/wp\/v2\/desaparecidas\/17371","targetHints":{"allow":["GET"]}}],"collection":[{"href":"https:\/\/portal.fgeo.gob.mx\/index.php\/wp-json\/wp\/v2\/desaparecidas"}],"about":[{"href":"https:\/\/portal.fgeo.gob.mx\/index.php\/wp-json\/wp\/v2\/types\/desaparecidas"}],"wp:featuredmedia":[{"embeddable":true,"href":"https:\/\/portal.fgeo.gob.mx\/index.php\/wp-json\/wp\/v2\/media\/18445"}],"wp:attachment":[{"href":"https:\/\/portal.fgeo.gob.mx\/index.php\/wp-json\/wp\/v2\/media?parent=17371"}],"wp:term":[{"taxonomy":"category","embeddable":true,"href":"https:\/\/portal.fgeo.gob.mx\/index.php\/wp-json\/wp\/v2\/categories?post=17371"},{"taxonomy":"post_tag","embeddable":true,"href":"https:\/\/portal.fgeo.gob.mx\/index.php\/wp-json\/wp\/v2\/tags?post=17371"},{"taxonomy":"ficha_genero","embeddable":true,"href":"https:\/\/portal.fgeo.gob.mx\/index.php\/wp-json\/wp\/v2\/ficha_genero?post=17371"},{"taxonomy":"ficha_fiscalia","embeddable":true,"href":"https:\/\/portal.fgeo.gob.mx\/index.php\/wp-json\/wp\/v2\/ficha_fiscalia?post=17371"},{"taxonomy":"ficha_estatus","embeddable":true,"href":"https:\/\/portal.fgeo.gob.mx\/index.php\/wp-json\/wp\/v2\/ficha_estatus?post=17371"}],"curies":[{"name":"wp","href":"https:\/\/api.w.org\/{rel}","templated":true}]}}